{"id":888,"date":"2023-11-08T15:16:56","date_gmt":"2023-11-08T14:16:56","guid":{"rendered":"https:\/\/spfz.ch\/?post_type=tribe_events&#038;p=888"},"modified":"2023-11-08T15:19:26","modified_gmt":"2023-11-08T14:19:26","slug":"gv-spfz-2023","status":"publish","type":"tribe_events","link":"https:\/\/spfz.ch\/?tribe_events=gv-spfz-2023","title":{"rendered":"GV SPFZ 2023"},"content":{"rendered":"<p>Meggen, 08.11.2023<\/p>\n<p><strong>Einladung zur Generalversammlung 2023 des SPFZ<\/strong><br \/>\nDatum\/Zeit: Donnerstag, 23.11.2023, 19.15 Uhr<br \/>\nOrt: H\u00f6rsaal Spitalzentrum Haus 31, 3. OG, Spitalstrasse, 6000 Luzern 16<\/p>\n<p>Sehr geehrte Damen und Herren, gesch\u00e4tzte Mitglieder des SPFZ<br \/>\nDer Herbst neigt sich allm\u00e4hlich dem Ende entgegen, und die Adventszeit r\u00fcckt n\u00e4her. Wir hoffen, es geht Ihnen gut und Sie sind bei robuster Gesundheit. Gerne laden wir Sie gem\u00e4ss Statuten zur 29. Generalversammlung des SPFZ ein.<\/p>\n<p>Ab 18.45 Uhr Eintreffen, Registrierung<br \/>\n19.15 Uhr Generalversammlung<\/p>\n<p>1. Protokoll der 28. Generalversammlung<br \/>\n2. Jahresbericht 22\/23<br \/>\n3. Jahresrechnung 22\/23, Revisorenbericht, Abstimmung, D\u00e9charge Vorstand<br \/>\n4. Jahresbudget 23\/24, Mitgliederbeitrag 23\/24, Abstimmung<br \/>\n5. Wahlen (Vorstand, Rechnungsrevisoren) 6. Ausblick<br \/>\n7. Antr\u00e4ge \/ Verschiedenes<\/p>\n<p>19.45 Uhr Referat<br \/>\n<strong>\u00abMedikamenten-Engpass, ein Sicherheitsrisiko?\u00bb<\/strong><br \/>\nHerr Prof. Dr. med Christoph J. Konrad, Mitglied der erweiterten<br \/>\nGesch\u00e4ftsleitung LUKS, sowie Titularprofessor Universit\u00e4t Luzern<\/p>\n<p>20.30 Uhr Offerierter Ap\u00e9ro<br \/>\nWir bitten Sie, allf\u00e4llige Antr\u00e4ge bis am Montag, 20. November 2023, schriftlich (E-Mail) beim Pr\u00e4sidenten einzureichen. Gerne bitten wir um eine Anmeldung, damit wir f\u00fcr Sie einen Platz sowie gen\u00fcgende Anzahl Ap\u00e9ro-H\u00e4ppchen bereitstellen k\u00f6nnen. Anmelden k\u00f6nnen Sie sich bis am 20. November 2023 via Homepage. Parkpl\u00e4tze sind im Parkhaus vorhanden. Als Alternative k\u00f6nnen Sie den \u00d6V benutzen. Die Buslinie 19 f\u00fchrt Sie ab Bahnhof Luzern direkt zum Spitalzentrum.<\/p>\n<p>Zurzeit gibt es keine pandemischen Auflagen. Sollte sich dies \u00e4ndern, werden wir Sie umgehend \u00fcber die Massnahmen \/ Auflagen orientieren.<\/p>\n<p>Wir freuen uns auf Ihre Anmeldung und w\u00fcnschen Ihnen eine gute Zeit.<\/p>\n<p>Sicherheitspolitisches Forum Zentralschweiz<br \/>\nMartin R. Zemp<br \/>\nPr\u00e4sident<\/p>\n","protected":false},"excerpt":{"rendered":"<p>Meggen, 08.11.2023 Einladung zur Generalversammlung 2023 des SPFZ Datum\/Zeit: Donnerstag, 23.11.2023, 19.15 Uhr Ort: H\u00f6rsaal Spitalzentrum Haus 31, 3. OG, Spitalstrasse, 6000 Luzern 16 Sehr geehrte Damen und Herren, gesch\u00e4tzte [&hellip;]<\/p>\n","protected":false},"author":1,"featured_media":0,"template":"","meta":{"_uag_custom_page_level_css":"","ngg_post_thumbnail":0,"_price":"","_stock":"","_tribe_ticket_header":"","_tribe_default_ticket_provider":"","_ticket_start_date":"","_ticket_end_date":"","_tribe_ticket_show_description":"","_tribe_ticket_show_not_going":false,"_tribe_ticket_use_global_stock":"","_tribe_ticket_global_stock_level":"","_global_stock_mode":"","_global_stock_cap":"","_tribe_rsvp_for_event":"","_tribe_ticket_going_count":"","_tribe_ticket_not_going_count":"","_tribe_tickets_list":"[]","_tribe_ticket_has_attendee_info_fields":false,"_tribe_events_status":"","_tribe_events_status_reason":"","footnotes":"","_tec_slr_enabled":"","_tec_slr_layout":""},"tags":[],"tribe_events_cat":[],"class_list":["post-888","tribe_events","type-tribe_events","status-publish","hentry"],"uagb_featured_image_src":{"full":false,"thumbnail":false,"medium":false,"medium_large":false,"large":false,"1536x1536":false,"2048x2048":false,"post-thumbnail":false},"uagb_author_info":{"display_name":"admin","author_link":"https:\/\/spfz.ch\/?author=1"},"uagb_comment_info":0,"uagb_excerpt":"Meggen, 08.11.2023 Einladung zur Generalversammlung 2023 des SPFZ Datum\/Zeit: Donnerstag, 23.11.2023, 19.15 Uhr Ort: H\u00f6rsaal Spitalzentrum Haus 31, 3. OG, Spitalstrasse, 6000 Luzern 16 Sehr geehrte Damen und Herren, gesch\u00e4tzte [&hellip;]","ticketed":false,"_links":{"self":[{"href":"https:\/\/spfz.ch\/index.php?rest_route=\/wp\/v2\/tribe_events\/888","targetHints":{"allow":["GET"]}}],"collection":[{"href":"https:\/\/spfz.ch\/index.php?rest_route=\/wp\/v2\/tribe_events"}],"about":[{"href":"https:\/\/spfz.ch\/index.php?rest_route=\/wp\/v2\/types\/tribe_events"}],"author":[{"embeddable":true,"href":"https:\/\/spfz.ch\/index.php?rest_route=\/wp\/v2\/users\/1"}],"version-history":[{"count":1,"href":"https:\/\/spfz.ch\/index.php?rest_route=\/wp\/v2\/tribe_events\/888\/revisions"}],"predecessor-version":[{"id":889,"href":"https:\/\/spfz.ch\/index.php?rest_route=\/wp\/v2\/tribe_events\/888\/revisions\/889"}],"wp:attachment":[{"href":"https:\/\/spfz.ch\/index.php?rest_route=%2Fwp%2Fv2%2Fmedia&parent=888"}],"wp:term":[{"taxonomy":"post_tag","embeddable":true,"href":"https:\/\/spfz.ch\/index.php?rest_route=%2Fwp%2Fv2%2Ftags&post=888"},{"taxonomy":"tribe_events_cat","embeddable":true,"href":"https:\/\/spfz.ch\/index.php?rest_route=%2Fwp%2Fv2%2Ftribe_events_cat&post=888"}],"curies":[{"name":"wp","href":"https:\/\/api.w.org\/{rel}","templated":true}]}}