{"id":1125,"date":"2025-01-07T11:21:28","date_gmt":"2025-01-07T10:21:28","guid":{"rendered":"https:\/\/spfz.ch\/?post_type=tribe_events&#038;p=1125"},"modified":"2025-01-07T11:24:10","modified_gmt":"2025-01-07T10:24:10","slug":"einladung-zum-startanlass-2025-ueberlegungen-zur-sicherheitspolitik-der-schweiz","status":"publish","type":"tribe_events","link":"https:\/\/spfz.ch\/?tribe_events=einladung-zum-startanlass-2025-ueberlegungen-zur-sicherheitspolitik-der-schweiz","title":{"rendered":"Einladung zum Startanlass 2025 &#8211; \u00ab\u00dcberlegungen zur Sicherheitspolitik der Schweiz\u00bb"},"content":{"rendered":"<p><strong>Datum\/Zeit:<\/strong><br \/>\nMittwoch, 26.02.2024, 19.00 Uhr<br \/>\n<strong>Ort:<\/strong><br \/>\nArmeeausbildungszentrum Luzern, Aula Dufour, im Enzmannbau<\/p>\n<p>Sehr geehrte Damen und Herren, gesch\u00e4tzte Mitglieder des SPFZ<br \/>\nGerne hoffe ich, dass es Ihnen gut und Sie sind bei bester Gesundheit. Anbei ein herzlich gutes Neues Jahr! Gerne laden wir Sie zum Jahresstartanlass 2025 im Armeeausbildungszentrum Luzern ein. Zum Startanlass wird uns Herr Staatssekret\u00e4r Dr. Markus M\u00e4der \u00fcber die allgemeine Sicherheitslage der Schweiz orientieren. Die aktuellen Brennpunkte in Osteuropa, Nahen Osten, Afrika und im Asiatischen Raum l\u00e4sst viele Fragen der Sicherheit offen.<\/p>\n<p>Ab 18.30 Uhr<br \/>\nEintreffen, Registrierung<br \/>\n19.00 Uhr<br \/>\nBegr\u00fcssung \/ Allgemeine Info durch Pr\u00e4sident SPFZ<br \/>\n19.10 Uhr<br \/>\nReferat \u00ab\u00dcberlegungen zur Sicherheitspolitik der Schweiz\u00bb<br \/>\nHerr Dr. Markus M\u00e4der, Staatssekret\u00e4r vom Staat-<br \/>\nsekretariat f\u00fcr Sicherheitspolitik SEPOS<br \/>\n20.00 Uhr<br \/>\nFragen an den Referenten Plenum<br \/>\n20.30 Uhr<br \/>\nOfferierter Ap\u00e9ro Restaurant Murmatt<\/p>\n<p>Gerne bitten wir aus organisatorischen Gr\u00fcnden um eine Anmeldung bis zum 21. Februar 2025 via Homepage (spfz.ch) oder via QR-Code. F\u00fcr Mitglieder des SPFZ ist der Anlass kostenlos, Nichtmitglieder bezahlen einen Unkostenbeitrag von Sfr. 20.00 (Bar vor Ort oder Twint). Es hat gen\u00fcgend Parkpl\u00e4tze beim AAL. Reisende, die den \u00d6V benutzen, steigen bei der Allmend aus.<br \/>\nWir freuen uns auf Ihre Anmeldung und w\u00fcnschen Ihnen eine gute Zeit.<br \/>\nSicherheitspolitisches Forum Zentralschweiz<br \/>\nMartin R. Zemp, Pr\u00e4sident<\/p>\n<p><a href=\"https:\/\/spfz.ch\/wp-content\/uploads\/2025\/01\/Einladungsschreiben_Februar-2025_final.pdf\">Link zur PDF Einladung<\/a><\/p>\n<p><a href=\"https:\/\/eventfrog.ch\/de\/p\/fuehrungen-vortraege\/vortrag\/sicherheitspolitisches-forum-zentralschweiz-spfz-7282178986301441511.html\">Link zur Anmeldung<\/a><\/p>\n","protected":false},"excerpt":{"rendered":"<p>Datum\/Zeit: Mittwoch, 26.02.2024, 19.00 Uhr Ort: Armeeausbildungszentrum Luzern, Aula Dufour, im Enzmannbau Sehr geehrte Damen und Herren, gesch\u00e4tzte Mitglieder des SPFZ Gerne hoffe ich, dass es Ihnen gut und Sie [&hellip;]<\/p>\n","protected":false},"author":1,"featured_media":0,"template":"","meta":{"_uag_custom_page_level_css":"","ngg_post_thumbnail":0,"_price":"","_stock":"","_tribe_ticket_header":"","_tribe_default_ticket_provider":"","_ticket_start_date":"","_ticket_end_date":"","_tribe_ticket_show_description":"","_tribe_ticket_show_not_going":false,"_tribe_ticket_use_global_stock":"","_tribe_ticket_global_stock_level":"","_global_stock_mode":"","_global_stock_cap":"","_tribe_rsvp_for_event":"","_tribe_ticket_going_count":"","_tribe_ticket_not_going_count":"","_tribe_tickets_list":"[]","_tribe_ticket_has_attendee_info_fields":false,"_tribe_events_status":"","_tribe_events_status_reason":"","footnotes":"","_tec_slr_enabled":"","_tec_slr_layout":""},"tags":[],"tribe_events_cat":[],"class_list":["post-1125","tribe_events","type-tribe_events","status-publish","hentry"],"uagb_featured_image_src":{"full":false,"thumbnail":false,"medium":false,"medium_large":false,"large":false,"1536x1536":false,"2048x2048":false,"post-thumbnail":false},"uagb_author_info":{"display_name":"admin","author_link":"https:\/\/spfz.ch\/?author=1"},"uagb_comment_info":0,"uagb_excerpt":"Datum\/Zeit: Mittwoch, 26.02.2024, 19.00 Uhr Ort: Armeeausbildungszentrum Luzern, Aula Dufour, im Enzmannbau Sehr geehrte Damen und Herren, gesch\u00e4tzte Mitglieder des SPFZ Gerne hoffe ich, dass es Ihnen gut und Sie [&hellip;]","ticketed":false,"_links":{"self":[{"href":"https:\/\/spfz.ch\/index.php?rest_route=\/wp\/v2\/tribe_events\/1125","targetHints":{"allow":["GET"]}}],"collection":[{"href":"https:\/\/spfz.ch\/index.php?rest_route=\/wp\/v2\/tribe_events"}],"about":[{"href":"https:\/\/spfz.ch\/index.php?rest_route=\/wp\/v2\/types\/tribe_events"}],"author":[{"embeddable":true,"href":"https:\/\/spfz.ch\/index.php?rest_route=\/wp\/v2\/users\/1"}],"version-history":[{"count":3,"href":"https:\/\/spfz.ch\/index.php?rest_route=\/wp\/v2\/tribe_events\/1125\/revisions"}],"predecessor-version":[{"id":1129,"href":"https:\/\/spfz.ch\/index.php?rest_route=\/wp\/v2\/tribe_events\/1125\/revisions\/1129"}],"wp:attachment":[{"href":"https:\/\/spfz.ch\/index.php?rest_route=%2Fwp%2Fv2%2Fmedia&parent=1125"}],"wp:term":[{"taxonomy":"post_tag","embeddable":true,"href":"https:\/\/spfz.ch\/index.php?rest_route=%2Fwp%2Fv2%2Ftags&post=1125"},{"taxonomy":"tribe_events_cat","embeddable":true,"href":"https:\/\/spfz.ch\/index.php?rest_route=%2Fwp%2Fv2%2Ftribe_events_cat&post=1125"}],"curies":[{"name":"wp","href":"https:\/\/api.w.org\/{rel}","templated":true}]}}